{"id":20,"date":"2017-02-11T13:30:04","date_gmt":"2017-02-11T12:30:04","guid":{"rendered":"http:\/\/www.elektrikarpce.cz\/domains\/elektrikarpce.cz\/?page_id=20"},"modified":"2025-01-18T23:06:42","modified_gmt":"2025-01-18T22:06:42","slug":"hlavni-strana","status":"publish","type":"page","link":"https:\/\/www.elektrikarpce.cz\/domains\/elektrikarpce.cz\/","title":{"rendered":"Elektroinstalace a kompletn\u00ed rekonstrukce"},"content":{"rendered":"\n<div class=\"is-content-justification-right is-layout-flex wp-container-1 wp-block-buttons\"><\/div>\n\n\n\n<p class=\"has-text-align-center\"><strong>Dobr\u00fd den, d\u011bkuji za n\u00e1v\u0161t\u011bvu str\u00e1nek a t\u011b\u0161\u00edme se na p\u0159\u00edpadnou spolupr\u00e1ci.<\/strong><\/p>\n\n\n\n<p class=\"has-text-align-left\"><strong>Co nab\u00edz\u00edme<\/strong>:<\/p>\n\n\n\n<ul>\n<li>Kompletn\u00ed domovn\u00ed <strong>instalace<\/strong> (Elektroinstalace, Vodoinstalace a Odpady )<\/li>\n\n\n\n<li><strong>Rekonstrukce<\/strong> domovn\u00edch instalac\u00ed (zm\u011bna jisti\u010de, nov\u00e9 j\u00e1dro, kompletn\u00ed rekonstrukce cel\u00e9ho domu,)<\/li>\n\n\n\n<li>K&nbsp;domovn\u00edm instalac\u00edm tak\u00e9 nab\u00edz\u00edm kompletn\u00ed <strong>zapraven\u00ed kabel\u016f<\/strong> \u201ena kl\u00ed\u010d\u201c (vysek\u00e1n\u00ed, nata\u017een\u00ed, s\u00e1drov\u00e1n\u00ed, zahozen\u00ed, \u0161tukov\u00e1n\u00ed nebo s\u00e1drov\u00e1n\u00ed om\u00edtky, vymalov\u00e1n\u00ed)<\/li>\n\n\n\n<li>Tak\u00e9 je mo\u017enost kompletn\u00ed realizace\/rekonstrukce kompletn\u00ed stavby \u010di bytu:\n<ul>\n<li><strong>Vodoinstalace<\/strong><\/li>\n\n\n\n<li><strong>Odpady<\/strong><\/li>\n\n\n\n<li><strong>S\u00e1drokartony<\/strong><\/li>\n\n\n\n<li><strong>V\u00fdstavba p\u0159\u00ed\u010dek<\/strong>, kompletn\u00ed dod\u00e1n\u00ed koupelny na kl\u00ed\u010d ( obklady, sanita atd. ) atd..<\/li>\n<\/ul>\n<\/li>\n\n\n\n<li>Jednor\u00e1zov\u00e1 akce jak\u00e9hokoliv rozm\u011bru a typu:\n<ul>\n<li><strong>Elektroinstala\u010dn\u00ed <\/strong>(p\u0159id\u00e1n\u00ed z\u00e1suvek, v\u00fdm\u011bna vyp\u00edna\u010de, sv\u011bteln\u00e9 reklamy atd.)<\/li>\n\n\n\n<li><strong>Zednick\u00e9<\/strong> (nov\u00e1 p\u0159\u00ed\u010dka, om\u00edtka, dla\u017eba, obklad, \u0161tuk, malba atd.)<\/li>\n\n\n\n<li><strong>Instalat\u00e9rsk\u00e9<\/strong> (nov\u00e1 vodoinstalace, odpady)<\/li>\n<\/ul>\n<\/li>\n\n\n\n<li>Dlouhodob\u00e1 spolupr\u00e1ce na projektech (v\u00fdpomoc, p\u0159i dobr\u00fdch zku\u0161enostech, mo\u017enost pravideln\u00e9 spolupr\u00e1ce)<\/li>\n\n\n\n<li>Podnikov\u00e1 <strong>\u00fadr\u017eba<\/strong> (budov, stroj\u016f ad.)<\/li>\n\n\n\n<li>V\u00fdpomoc podnik\u016fm p\u0159i odst\u00e1vk\u00e1ch, nov\u00e9 instalace stroj\u016f atd.<\/li>\n\n\n\n<li>Mont\u00e1\u017ee po <strong>cel\u00e9 \u010cR<\/strong> i v&nbsp;<strong>zahrani\u010d\u00ed<\/strong> (elektroinstalace a pneumatika)<\/li>\n\n\n\n<li>Dopravu materi\u00e1lu + pomoc p\u0159i vykl\u00edzen\u00ed.<\/li>\n<\/ul>\n\n\n\n<p class=\"has-text-align-left\"><strong>Pokud sh\u00e1n\u00edte a pot\u0159ebujete n\u011bco, co zde nen\u00ed, pros\u00edm kontaktujte m\u011b, pokud budu moct, r\u00e1d pom\u016f\u017eu, pop\u0159\u00edpad\u011b doporu\u010d\u00edm n\u011bkoho, s k\u00fdm m\u00e1m dobr\u00e9 zku\u0161enosti.<\/strong><\/p>\n","protected":false},"excerpt":{"rendered":"<p>Dobr\u00fd den, d\u011bkuji za n\u00e1v\u0161t\u011bvu str\u00e1nek a t\u011b\u0161\u00edme se na p\u0159\u00edpadnou spolupr\u00e1ci. Co nab\u00edz\u00edme: Pokud sh\u00e1n\u00edte a pot\u0159ebujete n\u011bco, co zde nen\u00ed, pros\u00edm kontaktujte m\u011b, pokud budu moct, r\u00e1d pom\u016f\u017eu, pop\u0159\u00edpad\u011b doporu\u010d\u00edm n\u011bkoho, s k\u00fdm m\u00e1m dobr\u00e9 zku\u0161enosti.<\/p>\n","protected":false},"author":1,"featured_media":0,"parent":0,"menu_order":0,"comment_status":"closed","ping_status":"closed","template":"","meta":[],"yoast_head":"<!-- This site is optimized with the Yoast SEO plugin v19.11 - https:\/\/yoast.com\/wordpress\/plugins\/seo\/ -->\n<title>Elektroinstalace a kompletn\u00ed rekonstrukce &ndash; Elektrik\u00e1\u0159sk\u00e9 pr\u00e1ce<\/title>\n<meta name=\"description\" content=\"Objednejte si elektrik\u00e1\u0159sk\u00e9 pr\u00e1ce - elektrika, elektrik\u00e1\u0159, zedn\u00edk, p\u016fj\u010dovna n\u00e1\u0159ad\u00ed, p\u016fj\u010dovna p\u0159\u00edv\u011bsu v Hradec Kralove Pardubice HK PCE\" \/>\n<meta name=\"robots\" content=\"index, follow, max-snippet:-1, max-image-preview:large, max-video-preview:-1\" \/>\n<link rel=\"canonical\" href=\"http:\/\/www.elektrikarpce.cz\/domains\/elektrikarpce.cz\/\" \/>\n<meta property=\"og:locale\" content=\"cs_CZ\" \/>\n<meta property=\"og:type\" content=\"article\" \/>\n<meta property=\"og:title\" content=\"Elektroinstalace a kompletn\u00ed rekonstrukce &ndash; Elektrik\u00e1\u0159sk\u00e9 pr\u00e1ce\" \/>\n<meta property=\"og:description\" content=\"Objednejte si elektrik\u00e1\u0159sk\u00e9 pr\u00e1ce - elektrika, elektrik\u00e1\u0159, zedn\u00edk, p\u016fj\u010dovna n\u00e1\u0159ad\u00ed, p\u016fj\u010dovna p\u0159\u00edv\u011bsu v Hradec Kralove Pardubice HK PCE\" \/>\n<meta property=\"og:url\" content=\"http:\/\/www.elektrikarpce.cz\/domains\/elektrikarpce.cz\/\" \/>\n<meta property=\"og:site_name\" content=\"Elektrik\u00e1\u0159sk\u00e9 pr\u00e1ce\" \/>\n<meta property=\"article:modified_time\" content=\"2025-01-18T22:06:42+00:00\" \/>\n<meta name=\"twitter:card\" content=\"summary_large_image\" \/>\n<meta name=\"twitter:label1\" content=\"Odhadovan\u00e1 doba \u010dten\u00ed\" \/>\n\t<meta name=\"twitter:data1\" content=\"1 minuta\" \/>\n<script type=\"application\/ld+json\" class=\"yoast-schema-graph\">{\"@context\":\"https:\/\/schema.org\",\"@graph\":[{\"@type\":\"WebPage\",\"@id\":\"http:\/\/www.elektrikarpce.cz\/domains\/elektrikarpce.cz\/\",\"url\":\"http:\/\/www.elektrikarpce.cz\/domains\/elektrikarpce.cz\/\",\"name\":\"Elektroinstalace a kompletn\u00ed rekonstrukce &ndash; Elektrik\u00e1\u0159sk\u00e9 pr\u00e1ce\",\"isPartOf\":{\"@id\":\"http:\/\/www.elektrikarpce.cz\/domains\/elektrikarpce.cz\/#website\"},\"datePublished\":\"2017-02-11T12:30:04+00:00\",\"dateModified\":\"2025-01-18T22:06:42+00:00\",\"description\":\"Objednejte si elektrik\u00e1\u0159sk\u00e9 pr\u00e1ce - elektrika, elektrik\u00e1\u0159, zedn\u00edk, p\u016fj\u010dovna n\u00e1\u0159ad\u00ed, p\u016fj\u010dovna p\u0159\u00edv\u011bsu v Hradec Kralove Pardubice HK PCE\",\"breadcrumb\":{\"@id\":\"http:\/\/www.elektrikarpce.cz\/domains\/elektrikarpce.cz\/#breadcrumb\"},\"inLanguage\":\"cs\",\"potentialAction\":[{\"@type\":\"ReadAction\",\"target\":[\"http:\/\/www.elektrikarpce.cz\/domains\/elektrikarpce.cz\/\"]}]},{\"@type\":\"BreadcrumbList\",\"@id\":\"http:\/\/www.elektrikarpce.cz\/domains\/elektrikarpce.cz\/#breadcrumb\",\"itemListElement\":[{\"@type\":\"ListItem\",\"position\":1,\"name\":\"Dom\u016f\",\"item\":\"http:\/\/www.elektrikarpce.cz\/domains\/elektrikarpce.cz\/\"},{\"@type\":\"ListItem\",\"position\":2,\"name\":\"Elektroinstalace a kompletn\u00ed rekonstrukce\"}]},{\"@type\":\"WebSite\",\"@id\":\"http:\/\/www.elektrikarpce.cz\/domains\/elektrikarpce.cz\/#website\",\"url\":\"http:\/\/www.elektrikarpce.cz\/domains\/elektrikarpce.cz\/\",\"name\":\"Elektrik\u00e1\u0159sk\u00e9 pr\u00e1ce\",\"description\":\"Elektroinstalace, mont\u00e1\u017ee, \u00fadr\u017eba, rekonstrukce...\",\"publisher\":{\"@id\":\"http:\/\/www.elektrikarpce.cz\/domains\/elektrikarpce.cz\/#organization\"},\"potentialAction\":[{\"@type\":\"SearchAction\",\"target\":{\"@type\":\"EntryPoint\",\"urlTemplate\":\"http:\/\/www.elektrikarpce.cz\/domains\/elektrikarpce.cz\/?s={search_term_string}\"},\"query-input\":\"required name=search_term_string\"}],\"inLanguage\":\"cs\"},{\"@type\":\"Organization\",\"@id\":\"http:\/\/www.elektrikarpce.cz\/domains\/elektrikarpce.cz\/#organization\",\"name\":\"V\u00edt\u011bzslav Prorok\",\"url\":\"http:\/\/www.elektrikarpce.cz\/domains\/elektrikarpce.cz\/\",\"logo\":{\"@type\":\"ImageObject\",\"inLanguage\":\"cs\",\"@id\":\"http:\/\/www.elektrikarpce.cz\/domains\/elektrikarpce.cz\/#\/schema\/logo\/image\/\",\"url\":\"http:\/\/www.elektrikarpce.cz\/domains\/elektrikarpce.cz\/wp-content\/uploads\/2017\/02\/Logomakr_2Ypi6b.png\",\"contentUrl\":\"http:\/\/www.elektrikarpce.cz\/domains\/elektrikarpce.cz\/wp-content\/uploads\/2017\/02\/Logomakr_2Ypi6b.png\",\"width\":725,\"height\":233,\"caption\":\"V\u00edt\u011bzslav Prorok\"},\"image\":{\"@id\":\"http:\/\/www.elektrikarpce.cz\/domains\/elektrikarpce.cz\/#\/schema\/logo\/image\/\"}}]}<\/script>\n<!-- \/ Yoast SEO plugin. -->","yoast_head_json":{"title":"Elektroinstalace a kompletn\u00ed rekonstrukce &ndash; Elektrik\u00e1\u0159sk\u00e9 pr\u00e1ce","description":"Objednejte si elektrik\u00e1\u0159sk\u00e9 pr\u00e1ce - elektrika, elektrik\u00e1\u0159, zedn\u00edk, p\u016fj\u010dovna n\u00e1\u0159ad\u00ed, p\u016fj\u010dovna p\u0159\u00edv\u011bsu v Hradec Kralove Pardubice HK PCE","robots":{"index":"index","follow":"follow","max-snippet":"max-snippet:-1","max-image-preview":"max-image-preview:large","max-video-preview":"max-video-preview:-1"},"canonical":"http:\/\/www.elektrikarpce.cz\/domains\/elektrikarpce.cz\/","og_locale":"cs_CZ","og_type":"article","og_title":"Elektroinstalace a kompletn\u00ed rekonstrukce &ndash; Elektrik\u00e1\u0159sk\u00e9 pr\u00e1ce","og_description":"Objednejte si elektrik\u00e1\u0159sk\u00e9 pr\u00e1ce - elektrika, elektrik\u00e1\u0159, zedn\u00edk, p\u016fj\u010dovna n\u00e1\u0159ad\u00ed, p\u016fj\u010dovna p\u0159\u00edv\u011bsu v Hradec Kralove Pardubice HK PCE","og_url":"http:\/\/www.elektrikarpce.cz\/domains\/elektrikarpce.cz\/","og_site_name":"Elektrik\u00e1\u0159sk\u00e9 pr\u00e1ce","article_modified_time":"2025-01-18T22:06:42+00:00","twitter_card":"summary_large_image","twitter_misc":{"Odhadovan\u00e1 doba \u010dten\u00ed":"1 minuta"},"schema":{"@context":"https:\/\/schema.org","@graph":[{"@type":"WebPage","@id":"http:\/\/www.elektrikarpce.cz\/domains\/elektrikarpce.cz\/","url":"http:\/\/www.elektrikarpce.cz\/domains\/elektrikarpce.cz\/","name":"Elektroinstalace a kompletn\u00ed rekonstrukce &ndash; Elektrik\u00e1\u0159sk\u00e9 pr\u00e1ce","isPartOf":{"@id":"http:\/\/www.elektrikarpce.cz\/domains\/elektrikarpce.cz\/#website"},"datePublished":"2017-02-11T12:30:04+00:00","dateModified":"2025-01-18T22:06:42+00:00","description":"Objednejte si elektrik\u00e1\u0159sk\u00e9 pr\u00e1ce - elektrika, elektrik\u00e1\u0159, zedn\u00edk, p\u016fj\u010dovna n\u00e1\u0159ad\u00ed, p\u016fj\u010dovna p\u0159\u00edv\u011bsu v Hradec Kralove Pardubice HK PCE","breadcrumb":{"@id":"http:\/\/www.elektrikarpce.cz\/domains\/elektrikarpce.cz\/#breadcrumb"},"inLanguage":"cs","potentialAction":[{"@type":"ReadAction","target":["http:\/\/www.elektrikarpce.cz\/domains\/elektrikarpce.cz\/"]}]},{"@type":"BreadcrumbList","@id":"http:\/\/www.elektrikarpce.cz\/domains\/elektrikarpce.cz\/#breadcrumb","itemListElement":[{"@type":"ListItem","position":1,"name":"Dom\u016f","item":"http:\/\/www.elektrikarpce.cz\/domains\/elektrikarpce.cz\/"},{"@type":"ListItem","position":2,"name":"Elektroinstalace a kompletn\u00ed rekonstrukce"}]},{"@type":"WebSite","@id":"http:\/\/www.elektrikarpce.cz\/domains\/elektrikarpce.cz\/#website","url":"http:\/\/www.elektrikarpce.cz\/domains\/elektrikarpce.cz\/","name":"Elektrik\u00e1\u0159sk\u00e9 pr\u00e1ce","description":"Elektroinstalace, mont\u00e1\u017ee, \u00fadr\u017eba, rekonstrukce...","publisher":{"@id":"http:\/\/www.elektrikarpce.cz\/domains\/elektrikarpce.cz\/#organization"},"potentialAction":[{"@type":"SearchAction","target":{"@type":"EntryPoint","urlTemplate":"http:\/\/www.elektrikarpce.cz\/domains\/elektrikarpce.cz\/?s={search_term_string}"},"query-input":"required name=search_term_string"}],"inLanguage":"cs"},{"@type":"Organization","@id":"http:\/\/www.elektrikarpce.cz\/domains\/elektrikarpce.cz\/#organization","name":"V\u00edt\u011bzslav Prorok","url":"http:\/\/www.elektrikarpce.cz\/domains\/elektrikarpce.cz\/","logo":{"@type":"ImageObject","inLanguage":"cs","@id":"http:\/\/www.elektrikarpce.cz\/domains\/elektrikarpce.cz\/#\/schema\/logo\/image\/","url":"http:\/\/www.elektrikarpce.cz\/domains\/elektrikarpce.cz\/wp-content\/uploads\/2017\/02\/Logomakr_2Ypi6b.png","contentUrl":"http:\/\/www.elektrikarpce.cz\/domains\/elektrikarpce.cz\/wp-content\/uploads\/2017\/02\/Logomakr_2Ypi6b.png","width":725,"height":233,"caption":"V\u00edt\u011bzslav Prorok"},"image":{"@id":"http:\/\/www.elektrikarpce.cz\/domains\/elektrikarpce.cz\/#\/schema\/logo\/image\/"}}]}},"_links":{"self":[{"href":"https:\/\/www.elektrikarpce.cz\/domains\/elektrikarpce.cz\/wp-json\/wp\/v2\/pages\/20"}],"collection":[{"href":"https:\/\/www.elektrikarpce.cz\/domains\/elektrikarpce.cz\/wp-json\/wp\/v2\/pages"}],"about":[{"href":"https:\/\/www.elektrikarpce.cz\/domains\/elektrikarpce.cz\/wp-json\/wp\/v2\/types\/page"}],"author":[{"embeddable":true,"href":"https:\/\/www.elektrikarpce.cz\/domains\/elektrikarpce.cz\/wp-json\/wp\/v2\/users\/1"}],"replies":[{"embeddable":true,"href":"https:\/\/www.elektrikarpce.cz\/domains\/elektrikarpce.cz\/wp-json\/wp\/v2\/comments?post=20"}],"version-history":[{"count":27,"href":"https:\/\/www.elektrikarpce.cz\/domains\/elektrikarpce.cz\/wp-json\/wp\/v2\/pages\/20\/revisions"}],"predecessor-version":[{"id":807,"href":"https:\/\/www.elektrikarpce.cz\/domains\/elektrikarpce.cz\/wp-json\/wp\/v2\/pages\/20\/revisions\/807"}],"wp:attachment":[{"href":"https:\/\/www.elektrikarpce.cz\/domains\/elektrikarpce.cz\/wp-json\/wp\/v2\/media?parent=20"}],"curies":[{"name":"wp","href":"https:\/\/api.w.org\/{rel}","templated":true}]}}